{"id":6293,"date":"2025-06-25T11:15:42","date_gmt":"2025-06-25T09:15:42","guid":{"rendered":"https:\/\/www.dojo-ronin.de\/?page_id=6293"},"modified":"2025-06-25T11:15:42","modified_gmt":"2025-06-25T09:15:42","slug":"9-sieben-seen-cup-2025","status":"publish","type":"page","link":"https:\/\/www.dojo-ronin.de\/wordpress\/9-sieben-seen-cup-2025\/","title":{"rendered":"9. Sieben-Seen-Cup 2025"},"content":{"rendered":"<p><strong>Platzierungen<\/strong><\/p>\n<table width=\"890\">\n<tbody>\n<tr>\n<td width=\"133\"><\/td>\n<td width=\"83\"><\/td>\n<td width=\"83\"><\/td>\n<td width=\"147\">Platz 4<\/td>\n<td width=\"140\">Platz 3<\/td>\n<td width=\"148\">Platz 2<\/td>\n<td width=\"156\">Platz 1<\/td>\n<\/tr>\n<tr>\n<td>Kinder B<\/td>\n<td>m\u00e4nnlich<\/td>\n<td>Kata<\/td>\n<td><\/td>\n<td>Mats Hessenbruch<\/td>\n<td>Bennett Zemke<\/td>\n<td>Felix Kunze<\/td>\n<\/tr>\n<tr>\n<td>Kinder B<\/td>\n<td>weiblich<\/td>\n<td>Kata<\/td>\n<td><\/td>\n<td>Lina Malu Gro\u00dfmann<\/td>\n<td>Alina Schiller<\/td>\n<td>Charlotte Rudloff<\/td>\n<\/tr>\n<tr>\n<td>Kinder A1<\/td>\n<td>m\u00e4nnlich<\/td>\n<td>Kata<\/td>\n<td>Karl Th\u00f6lken<\/td>\n<td>Damir Bilalic-Heinze<\/td>\n<td>Louis Czilwa<\/td>\n<td>Leon Zakharov<\/td>\n<\/tr>\n<tr>\n<td>Kinder A1<\/td>\n<td>weiblich<\/td>\n<td>Kata<\/td>\n<td><\/td>\n<td>Elva Sofie Hahn<\/td>\n<td>Amilia Pfitzner<\/td>\n<td>Ida Helene Scharnetzki<\/td>\n<\/tr>\n<tr>\n<td>Sch\u00fcler B1\/A1<\/td>\n<td>m\u00e4nnlich<\/td>\n<td>Kata<\/td>\n<td>Thoeodor Schl\u00f6sser<\/td>\n<td>Benjamin Kegel<\/td>\n<td>Evan Gehrke<\/td>\n<td>Jonah Krause<\/td>\n<\/tr>\n<tr>\n<td>Sch\u00fcler B1\/A1<\/td>\n<td>weiblich<\/td>\n<td>Kata<\/td>\n<td>Marie Kunze<\/td>\n<td>Leni Osterode<\/td>\n<td>Milla Villanyi<\/td>\n<td>Leonora-Maxime Schug<\/td>\n<\/tr>\n<tr>\n<td>Sch\u00fcler B2<\/td>\n<td>m\u00e4nnlich<\/td>\n<td>Kata<\/td>\n<td><\/td>\n<td>Felix Matzek<\/td>\n<td>Til Fabian Pattke<\/td>\n<td>Nils Arne Martelock<\/td>\n<\/tr>\n<tr>\n<td>Sch\u00fcler B2\/A2<\/td>\n<td>weiblich<\/td>\n<td>Kata<\/td>\n<td>Pauline H\u00fcselitz<\/td>\n<td>Alyson Dreher<\/td>\n<td>Martha Bosselmann<\/td>\n<td>Franziska Wesolek<\/td>\n<\/tr>\n<tr>\n<td>Sch\u00fcler A2<\/td>\n<td>m\u00e4nnlich<\/td>\n<td>Kata<\/td>\n<td>Tom Bietke<\/td>\n<td>Thies Braun<\/td>\n<td>Collin Gl\u00e4ser<\/td>\n<td>Henry Laabs<\/td>\n<\/tr>\n<tr>\n<td>Jugend 1<\/td>\n<td>m\u00e4nnlich<\/td>\n<td>Kata<\/td>\n<td>Keno Peckson<\/td>\n<td>Mohamed Hussain<\/td>\n<td>Lennart Gronau<\/td>\n<td>Johann Seefeld<\/td>\n<\/tr>\n<tr>\n<td>Jugend 1\/2<\/td>\n<td>weiblich<\/td>\n<td>Kata<\/td>\n<td><\/td>\n<td><\/td>\n<td>Sophie Henkel<\/td>\n<td>Nadia Naderi<\/td>\n<\/tr>\n<tr>\n<td>Jugend 2\/3<\/td>\n<td>m\u00e4nnlich<\/td>\n<td>Kata<\/td>\n<td>Oskar Luis Schl\u00f6sser<\/td>\n<td>Iven L\u00e4hning<\/td>\n<td>Fabian Hanigk<\/td>\n<td>Finn Malte Clau\u00df<\/td>\n<\/tr>\n<tr>\n<td>Jugend 3<\/td>\n<td>weiblich<\/td>\n<td>Kata<\/td>\n<td><\/td>\n<td>Zoey Br\u00fcggert<\/td>\n<td>Sabrina Bilalic-Heinze<\/td>\n<td>Amy Lynn Peters<\/td>\n<\/tr>\n<tr>\n<td>Junioren 1\/2\/3<\/td>\n<td>m\u00e4nnlich<\/td>\n<td>Kata<\/td>\n<td>Matteo Reichert<\/td>\n<td>Patrick Wehmer<\/td>\n<td>Willi Bl\u00fcthgen<\/td>\n<td>Andr\u00e9 Schlee<\/td>\n<\/tr>\n<tr>\n<td>Junioren 1<\/td>\n<td>weiblich<\/td>\n<td>Kata<\/td>\n<td><\/td>\n<td><\/td>\n<td>Svea Noack<\/td>\n<td>Nargez Turkmann<\/td>\n<\/tr>\n<tr>\n<td>Junioren 2\/3<\/td>\n<td>weiblich<\/td>\n<td>Kata<\/td>\n<td><\/td>\n<td><\/td>\n<td>Nani Jane Rothhard<\/td>\n<td>Nadja Wesolek<\/td>\n<\/tr>\n<tr>\n<td>Leistungsklasse 1\/2\/3<\/td>\n<td>m\u00e4nnlich<\/td>\n<td>Kata<\/td>\n<td><\/td>\n<td>Kai Schliemann<\/td>\n<td>Nico Frommann<\/td>\n<td>Hoang Trung Nguyen<\/td>\n<\/tr>\n<tr>\n<td>Leistungsklasse 1\/2<\/td>\n<td>weiblich<\/td>\n<td>Kata<\/td>\n<td>Rhianna Piepenhagen<\/td>\n<td>Nathalie Sarpong<\/td>\n<td>Pauline Seefeld<\/td>\n<td>Arezoo Turkmann<\/td>\n<\/tr>\n<tr>\n<td>Masterklasse<\/td>\n<td>m\/w<\/td>\n<td>Kata<\/td>\n<td>Susan Noack<\/td>\n<td>Ulrich Reimnitz<\/td>\n<td>Thilo Kuklik<\/td>\n<td>Dirk Donath<\/td>\n<\/tr>\n<tr>\n<td>TK2<\/td>\n<td>m\/w<\/td>\n<td>Kata<\/td>\n<td><\/td>\n<td>Ronin 3<\/td>\n<td>Ronin 14<\/td>\n<td>Ronin 15<\/td>\n<\/tr>\n<tr>\n<td>TJ1\/2<\/td>\n<td>m\/w<\/td>\n<td>Kata<\/td>\n<td>Ronin 6<\/td>\n<td>Ronin 8<\/td>\n<td>Ronin 17<\/td>\n<td>Ronin 9<\/td>\n<\/tr>\n<tr>\n<td>Kinder A1<\/td>\n<td>m\u00e4nnlich<\/td>\n<td>Kumite<\/td>\n<td>Karl Th\u00f6lken<\/td>\n<td>Damir Bilalic-Heinze<\/td>\n<td>Leon Zakharov<\/td>\n<td>Luis Czilwa<\/td>\n<\/tr>\n<tr>\n<td>Kinder A1<\/td>\n<td>weiblich<\/td>\n<td>Kumite<\/td>\n<td><\/td>\n<td>Amilia Pfitzner<\/td>\n<td>Elva Hahn<\/td>\n<td>Ida Scharnetzki<\/td>\n<\/tr>\n<tr>\n<td>Sch\u00fcler B1\/2 A1<\/td>\n<td>m\u00e4nnlich<\/td>\n<td>Kumite<\/td>\n<td>Benjamin Kegel<\/td>\n<td>Jonah Krause<\/td>\n<td>\u00a0Evan Gehrke<\/td>\n<td>Felix Matzek<\/td>\n<\/tr>\n<tr>\n<td>Sch\u00fcler B1\/A1<\/td>\n<td>weiblich<\/td>\n<td>Kumite<\/td>\n<td>Milla Villanyie<\/td>\n<td>Marie Kunze<\/td>\n<td>Leni Osterode<\/td>\n<td>Leonora Schug<\/td>\n<\/tr>\n<tr>\n<td>Sch\u00fcler B2<\/td>\n<td>weiblich<\/td>\n<td>Kumite<\/td>\n<td>Pauline H\u00fcselitz<\/td>\n<td>Emma Ke\u00dfler<\/td>\n<td>Martha Bosselmann<\/td>\n<td>Franziska Wesolek<\/td>\n<\/tr>\n<tr>\n<td>Sch\u00fcler A2<\/td>\n<td>m\u00e4nnlich<\/td>\n<td>Kumite<\/td>\n<td>Tom Bietke<\/td>\n<td>Collin Gl\u00e4ser<\/td>\n<td>Henry Laabs<\/td>\n<td>Thies Braun<\/td>\n<\/tr>\n<tr>\n<td>Sch\u00fcler A2\/A3<\/td>\n<td>weiblich<\/td>\n<td>Kumite<\/td>\n<td><\/td>\n<td>Nadia Naderi<\/td>\n<td>Sophie Henkel<\/td>\n<td>Paula Matzek<\/td>\n<\/tr>\n<tr>\n<td>Jugend 1\/Junioren 1<\/td>\n<td>m\u00e4nnlich<\/td>\n<td>Kumite<\/td>\n<td>Keno Peckson<\/td>\n<td>Mohamed Hussain<\/td>\n<td>Jan R\u00f6mpagel<\/td>\n<td>Johann Seefeld<\/td>\n<\/tr>\n<tr>\n<td>Junioren 1<\/td>\n<td>weiblich<\/td>\n<td>Kumite<\/td>\n<td><\/td>\n<td><\/td>\n<td>Svea Noack<\/td>\n<td>Nargez Turkmann<\/td>\n<\/tr>\n<tr>\n<td>Jugend 3\/Junioren 2\/3<\/td>\n<td>weiblich<\/td>\n<td>Kumite<\/td>\n<td>Nani Jane Rothhardt<\/td>\n<td>Zoey Br\u00fcggert<\/td>\n<td>Sabrina Bilalic-Heinze<\/td>\n<td>Nadja Wesolek<\/td>\n<\/tr>\n<tr>\n<td>Jugend 2\/3<\/td>\n<td>m\u00e4nnlich<\/td>\n<td>Kumite<\/td>\n<td><\/td>\n<td>Finn Malte Clau\u00df<\/td>\n<td>Oskar Luis Schl\u00f6sser<\/td>\n<td>Iven L\u00e4hning<\/td>\n<\/tr>\n<tr>\n<td>Junioren 2\/3<\/td>\n<td>m\u00e4nnlich<\/td>\n<td>Kumite<\/td>\n<td><\/td>\n<td>Willy Bl\u00fcthgen<\/td>\n<td>Matteo Reichert<\/td>\n<td>Patrick Wehmer<\/td>\n<\/tr>\n<tr>\n<td>Leistungsklasse 1<\/td>\n<td>weiblich<\/td>\n<td>Kumite<\/td>\n<td><\/td>\n<td>Rhianna Piepenhagen<\/td>\n<td>Zainab Naderi<\/td>\n<td>Arezoo Turkmann<\/td>\n<\/tr>\n<tr>\n<td>Leistungsklasse 2\/3<\/td>\n<td>m\u00e4nnlich<\/td>\n<td>Kumite<\/td>\n<td><\/td>\n<td>Kai Schliemann<\/td>\n<td>Hoang Trung Nguyen<\/td>\n<td>Nico Frommann<\/td>\n<\/tr>\n<tr>\n<td>TK1<\/td>\n<td>m\u00e4nnlich<\/td>\n<td>Kumite<\/td>\n<td><\/td>\n<td>Ronin 21<\/td>\n<td>Ronin 1<\/td>\n<td>Ronin 2<\/td>\n<\/tr>\n<tr>\n<td>TK2<\/td>\n<td>m\u00e4nnlich<\/td>\n<td>Kumite<\/td>\n<td><\/td>\n<td><\/td>\n<td>Ronin 4<\/td>\n<td>Ronin 3<\/td>\n<\/tr>\n<tr>\n<td>TJ1<\/td>\n<td>m\u00e4nnlich<\/td>\n<td>Kumite<\/td>\n<td><\/td>\n<td><\/td>\n<td>Ronin 7<\/td>\n<td>Ronin 6<\/td>\n<\/tr>\n<tr>\n<td>TS2\/TJ2<\/td>\n<td>m\u00e4nnlich<\/td>\n<td>Kumite<\/td>\n<td><\/td>\n<td>Ronin 10<\/td>\n<td>Ronin 5<\/td>\n<td>Ronin 8<\/td>\n<\/tr>\n<tr>\n<td>TK1<\/td>\n<td>weiblich<\/td>\n<td>Kumite<\/td>\n<td><\/td>\n<td><\/td>\n<td>Ronin 12<\/td>\n<td>Ronin 13<\/td>\n<\/tr>\n<tr>\n<td>TK2<\/td>\n<td>weiblich<\/td>\n<td>Kumite<\/td>\n<td><\/td>\n<td><\/td>\n<td>Ronin 15<\/td>\n<td>Ronin 14<\/td>\n<\/tr>\n<tr>\n<td>TJ1_TL1<\/td>\n<td>weiblich<\/td>\n<td>Kumite<\/td>\n<td><\/td>\n<td>Ronin 16<\/td>\n<td>Ronin 20<\/td>\n<td>Ronin 19<\/td>\n<\/tr>\n<tr>\n<td>TJ2<\/td>\n<td>weiblich<\/td>\n<td>Kumite<\/td>\n<td><\/td>\n<td><\/td>\n<td>Ronin 18<\/td>\n<td>Ronin 17<\/td>\n<\/tr>\n<\/tbody>\n<\/table>\n","protected":false},"excerpt":{"rendered":"<p>Platzierungen Platz 4 Platz 3 Platz 2 Platz 1 Kinder B m\u00e4nnlich Kata Mats Hessenbruch Bennett Zemke Felix Kunze Kinder B weiblich Kata Lina Malu Gro\u00dfmann Alina Schiller Charlotte Rudloff Kinder A1 m\u00e4nnlich Kata Karl Th\u00f6lken Damir Bilalic-Heinze Louis Czilwa Leon Zakharov Kinder A1 weiblich Kata Elva Sofie Hahn Amilia [&hellip;]<\/p>\n","protected":false},"author":6,"featured_media":0,"parent":0,"menu_order":0,"comment_status":"closed","ping_status":"closed","template":"","meta":{"_price":"","_stock":"","_tribe_ticket_header":"","_tribe_default_ticket_provider":"","_tribe_ticket_capacity":"0","_ticket_start_date":"","_ticket_end_date":"","_tribe_ticket_show_description":"","_tribe_ticket_show_not_going":false,"_tribe_ticket_use_global_stock":"","_tribe_ticket_global_stock_level":"","_global_stock_mode":"","_global_stock_cap":"","_tribe_rsvp_for_event":"","_tribe_ticket_going_count":"","_tribe_ticket_not_going_count":"","_tribe_tickets_list":"[]","_tribe_ticket_has_attendee_info_fields":false,"footnotes":"","_tec_slr_enabled":"","_tec_slr_layout":""},"class_list":["post-6293","page","type-page","status-publish","hentry"],"ticketed":false,"_links":{"self":[{"href":"https:\/\/www.dojo-ronin.de\/wordpress\/wp-json\/wp\/v2\/pages\/6293","targetHints":{"allow":["GET"]}}],"collection":[{"href":"https:\/\/www.dojo-ronin.de\/wordpress\/wp-json\/wp\/v2\/pages"}],"about":[{"href":"https:\/\/www.dojo-ronin.de\/wordpress\/wp-json\/wp\/v2\/types\/page"}],"author":[{"embeddable":true,"href":"https:\/\/www.dojo-ronin.de\/wordpress\/wp-json\/wp\/v2\/users\/6"}],"replies":[{"embeddable":true,"href":"https:\/\/www.dojo-ronin.de\/wordpress\/wp-json\/wp\/v2\/comments?post=6293"}],"version-history":[{"count":2,"href":"https:\/\/www.dojo-ronin.de\/wordpress\/wp-json\/wp\/v2\/pages\/6293\/revisions"}],"predecessor-version":[{"id":6487,"href":"https:\/\/www.dojo-ronin.de\/wordpress\/wp-json\/wp\/v2\/pages\/6293\/revisions\/6487"}],"wp:attachment":[{"href":"https:\/\/www.dojo-ronin.de\/wordpress\/wp-json\/wp\/v2\/media?parent=6293"}],"curies":[{"name":"wp","href":"https:\/\/api.w.org\/{rel}","templated":true}]}}