{"id":3205,"date":"2015-10-29T21:48:08","date_gmt":"2015-10-29T20:48:08","guid":{"rendered":"http:\/\/www.dojo-ronin.de\/?page_id=3205"},"modified":"2018-08-10T15:53:40","modified_gmt":"2018-08-10T13:53:40","slug":"pinnwand","status":"publish","type":"page","link":"https:\/\/www.dojo-ronin.de\/wordpress\/verein\/mitgliederbereich\/pinnwand\/","title":{"rendered":"Pinnwand"},"content":{"rendered":"    <div data-options='{&quot;id&quot;:&quot;3201&quot;,&quot;lazy_load&quot;:&quot;grid&quot;,&quot;masonry_enable&quot;:&quot;no&quot;,&quot;view_type&quot;:&quot;grid&quot;}' id=\"post-grid-3201\" class=\"post-grid grid\">\n    \n\n\n    <div class=\"grid-items\">\n      <div class=\"item item-5751 skin flat even 0 \">\n        <div class=\"layer-wrapper layout-\">\n        <div class=\"layer-media\"><\/div>\n  <div class=\"layer-content\">\n        <div class=\"element element_0  title \">\r\n                    <a target=\"\"\r\n                href=\"https:\/\/www.dojo-ronin.de\/wordpress\/vereinskleidung-einfach-online-bestellen\/\">Vereinskleidung einfach online bestellen<\/a>\r\n            <\/div>\r\n    <div class=\"element element_1  excerpt \">\r\n        Unsere Vereinskleidung kann jetzt auch ganz einfach online bestellt werden. Nach der Bestellung k\u00f6nnt Ihr die Kleidung ganz einfach im            <\/div>\r\n            <a class=\"element element_2  read_more \"\r\n            target=\"\"\r\n            href=\"https:\/\/www.dojo-ronin.de\/wordpress\/vereinskleidung-einfach-online-bestellen\/\"><\/a>\r\n      <\/div>\n    <\/div>\n  <\/div><div class=\"item item-6934 skin flat odd 1 \">\n        <div class=\"layer-wrapper layout-\">\n        <div class=\"layer-media\"><\/div>\n  <div class=\"layer-content\">\n        <div class=\"element element_0  title \">\r\n                    <a target=\"\"\r\n                href=\"https:\/\/www.dojo-ronin.de\/wordpress\/dojo-ronin-schwerin-ueberzeugt-bei-kata-rangliste-in-malchin\/\">Dojo Ronin Schwerin \u00fcberzeugt bei Kata-Rangliste in Malchin<\/a>\r\n            <\/div>\r\n    <div class=\"element element_1  excerpt \">\r\n        Ein erfolgreicher Start in die Ranglisten-Saison 2026: Die Kampfsportler des \u201eDojo Ronin\" e.V. aus Schwerin kehrten am vergangenen Wochenende mit            <\/div>\r\n            <a class=\"element element_2  read_more \"\r\n            target=\"\"\r\n            href=\"https:\/\/www.dojo-ronin.de\/wordpress\/dojo-ronin-schwerin-ueberzeugt-bei-kata-rangliste-in-malchin\/\"><\/a>\r\n      <\/div>\n    <\/div>\n  <\/div><div class=\"item item-6491 skin flat even 2 \">\n        <div class=\"layer-wrapper layout-\">\n        <div class=\"layer-media\"><\/div>\n  <div class=\"layer-content\">\n        <div class=\"element element_0  title \">\r\n                    <a target=\"\"\r\n                href=\"https:\/\/www.dojo-ronin.de\/wordpress\/1-weihnachtsturnier-und-2-kumv-randori\/\">1. Weihnachtsturnier und 2. KUMV-Randori<\/a>\r\n            <\/div>\r\n    <div class=\"element element_1  excerpt \">\r\n        Am Samstag, 29.11.2025, veranstaltete unser Verein das 1. Weihnachtsturnier f\u00fcr Kinder und Jugendliche. Die jungen Karateka zeigten in den Disziplinen            <\/div>\r\n            <a class=\"element element_2  read_more \"\r\n            target=\"\"\r\n            href=\"https:\/\/www.dojo-ronin.de\/wordpress\/1-weihnachtsturnier-und-2-kumv-randori\/\"><\/a>\r\n      <\/div>\n    <\/div>\n  <\/div><div class=\"item item-6423 skin flat odd 3 \">\n        <div class=\"layer-wrapper layout-\">\n        <div class=\"layer-media\"><\/div>\n  <div class=\"layer-content\">\n        <div class=\"element element_0  title \">\r\n                    <a target=\"\"\r\n                href=\"https:\/\/www.dojo-ronin.de\/wordpress\/16-jahre-dojo-ronin-jubilaeumslehrgang-in-schwerin\/\">16 Jahre Dojo Ronin \u2013 Jubil\u00e4umslehrgang in Schwerin<\/a>\r\n            <\/div>\r\n    <div class=\"element element_1  excerpt \">\r\n        Am 20. September 2025 feierte der Kampfkunstverein Dojo Ronin Schwerin sein 16-j\u00e4hriges Bestehen mit einem besonderen Jubil\u00e4umslehrgang. Zahlreiche Karateka aus            <\/div>\r\n            <a class=\"element element_2  read_more \"\r\n            target=\"\"\r\n            href=\"https:\/\/www.dojo-ronin.de\/wordpress\/16-jahre-dojo-ronin-jubilaeumslehrgang-in-schwerin\/\"><\/a>\r\n      <\/div>\n    <\/div>\n  <\/div><div class=\"item item-6418 skin flat even 4 \">\n        <div class=\"layer-wrapper layout-\">\n        <div class=\"layer-media\"><\/div>\n  <div class=\"layer-content\">\n        <div class=\"element element_0  title \">\r\n                    <a target=\"\"\r\n                href=\"https:\/\/www.dojo-ronin.de\/wordpress\/offline-abenteuer-dojo-ronin-begeistert-im-sommerlager\/\">Offline-Abenteuer: Dojo Ronin begeistert im Sommerlager<\/a>\r\n            <\/div>\r\n    <div class=\"element element_1  excerpt \">\r\n        Eine Woche lang kein Handy, kein Social Media, kein Dauerrauschen \u2013 daf\u00fcr Sonne, Sport, Abenteuer und jede Menge Lachen. Das            <\/div>\r\n            <a class=\"element element_2  read_more \"\r\n            target=\"\"\r\n            href=\"https:\/\/www.dojo-ronin.de\/wordpress\/offline-abenteuer-dojo-ronin-begeistert-im-sommerlager\/\"><\/a>\r\n      <\/div>\n    <\/div>\n  <\/div><div class=\"item item-6412 skin flat odd 5 \">\n        <div class=\"layer-wrapper layout-\">\n        <div class=\"layer-media\"><\/div>\n  <div class=\"layer-content\">\n        <div class=\"element element_0  title \">\r\n                    <a target=\"\"\r\n                href=\"https:\/\/www.dojo-ronin.de\/wordpress\/trainingslager-in-guestrow-drei-tage-karate-pur\/\">Trainingslager in G\u00fcstrow \u2013 drei Tage Karate pur!<\/a>\r\n            <\/div>\r\n    <div class=\"element element_1  excerpt \">\r\n        Vom 8. bis 10. August hie\u00df es f\u00fcr uns: Tasche packen, Gi einpacken und auf nach G\u00fcstrow! Fast 20 Karateka            <\/div>\r\n            <a class=\"element element_2  read_more \"\r\n            target=\"\"\r\n            href=\"https:\/\/www.dojo-ronin.de\/wordpress\/trainingslager-in-guestrow-drei-tage-karate-pur\/\"><\/a>\r\n      <\/div>\n    <\/div>\n  <\/div><div class=\"item item-6373 skin flat even 6 \">\n        <div class=\"layer-wrapper layout-\">\n        <div class=\"layer-media\"><\/div>\n  <div class=\"layer-content\">\n        <div class=\"element element_0  title \">\r\n                    <a target=\"\"\r\n                href=\"https:\/\/www.dojo-ronin.de\/wordpress\/sommertrainingsplan\/\">Sommertrainingsplan<\/a>\r\n            <\/div>\r\n    <div class=\"element element_1  excerpt \">\r\n        In den Ferien trainieren wir nach einem etwas abge\u00e4nderten Trainingsplan:\u00a0            <\/div>\r\n            <a class=\"element element_2  read_more \"\r\n            target=\"\"\r\n            href=\"https:\/\/www.dojo-ronin.de\/wordpress\/sommertrainingsplan\/\"><\/a>\r\n      <\/div>\n    <\/div>\n  <\/div><div class=\"item item-6370 skin flat odd 7 \">\n        <div class=\"layer-wrapper layout-\">\n        <div class=\"layer-media\"><\/div>\n  <div class=\"layer-content\">\n        <div class=\"element element_0  title \">\r\n                    <a target=\"\"\r\n                href=\"https:\/\/www.dojo-ronin.de\/wordpress\/selbstbehauptung-und-selbstverteidigung-ein-starkes-duo-fuer-den-alltag\/\">Selbstbehauptung und Selbstverteidigung: Ein starkes Duo f\u00fcr den Alltag<\/a>\r\n            <\/div>\r\n    <div class=\"element element_1  excerpt \">\r\n        Am 22. und 23. Juli f\u00fchrte das Dojo Ronin in Kooperation mit der ecolea | Internationale Schule Schwerin ein Selbstverteidigungsseminar            <\/div>\r\n            <a class=\"element element_2  read_more \"\r\n            target=\"\"\r\n            href=\"https:\/\/www.dojo-ronin.de\/wordpress\/selbstbehauptung-und-selbstverteidigung-ein-starkes-duo-fuer-den-alltag\/\"><\/a>\r\n      <\/div>\n    <\/div>\n  <\/div><div class=\"item item-6339 skin flat even 8 \">\n        <div class=\"layer-wrapper layout-\">\n        <div class=\"layer-media\"><\/div>\n  <div class=\"layer-content\">\n        <div class=\"element element_0  title \">\r\n                    <a target=\"\"\r\n                href=\"https:\/\/www.dojo-ronin.de\/wordpress\/karate-verbindet-erfolgreiches-gasshuku-in-schwerin\/\">Karate verbindet: Erfolgreiches Gasshuku in Schwerin<\/a>\r\n            <\/div>\r\n    <div class=\"element element_1  excerpt \">\r\n        Vom 11. bis 13. Juli verwandelte sich die Sporthalle Friesenstra\u00dfe in Schwerin in ein Zentrum der Kampfkunst. Mehr als 220            <\/div>\r\n            <a class=\"element element_2  read_more \"\r\n            target=\"\"\r\n            href=\"https:\/\/www.dojo-ronin.de\/wordpress\/karate-verbindet-erfolgreiches-gasshuku-in-schwerin\/\"><\/a>\r\n      <\/div>\n    <\/div>\n  <\/div><div class=\"item item-6361 skin flat odd 9 \">\n        <div class=\"layer-wrapper layout-\">\n        <div class=\"layer-media\"><\/div>\n  <div class=\"layer-content\">\n        <div class=\"element element_0  title \">\r\n                    <a target=\"\"\r\n                href=\"https:\/\/www.dojo-ronin.de\/wordpress\/technik-teamgeist-und-tempo-erfolgreicher-9-sieben%e2%80%91seen%e2%80%91cup-in-schwerin\/\">Technik, Teamgeist und Tempo: Erfolgreicher 9. Sieben\u2011Seen\u2011Cup in Schwerin<\/a>\r\n            <\/div>\r\n    <div class=\"element element_1  excerpt \">\r\n        Am 21. Juni 2025 wurde Schwerin erneut zum Treffpunkt f\u00fcr Karateka aus ganz Norddeutschland. Der 9. Sieben\u2011Seen\u2011Cup, organisiert vom Kampfkunstverein            <\/div>\r\n            <a class=\"element element_2  read_more \"\r\n            target=\"\"\r\n            href=\"https:\/\/www.dojo-ronin.de\/wordpress\/technik-teamgeist-und-tempo-erfolgreicher-9-sieben%e2%80%91seen%e2%80%91cup-in-schwerin\/\"><\/a>\r\n      <\/div>\n    <\/div>\n  <\/div><div class=\"item item-6345 skin flat even 10 \">\n        <div class=\"layer-wrapper layout-\">\n        <div class=\"layer-media\"><\/div>\n  <div class=\"layer-content\">\n        <div class=\"element element_0  title \">\r\n                    <a target=\"\"\r\n                href=\"https:\/\/www.dojo-ronin.de\/wordpress\/dojo-ronin-glaenzt-erneut-bei-karate-landesmeisterschaft-2025\/\">Dojo Ronin gl\u00e4nzt erneut bei Karate-Landesmeisterschaft 2025<\/a>\r\n            <\/div>\r\n    <div class=\"element element_1  excerpt \">\r\n        Der Schweriner Kampfkunstverein Dojo Ronin e.V. konnte am 14.06.2025 bei den Landesmeisterschaften der Karateunion Mecklenburg-Vorpommern in Ribnitz-Damgarten eindrucksvolle Erfolge verbuchen.            <\/div>\r\n            <a class=\"element element_2  read_more \"\r\n            target=\"\"\r\n            href=\"https:\/\/www.dojo-ronin.de\/wordpress\/dojo-ronin-glaenzt-erneut-bei-karate-landesmeisterschaft-2025\/\"><\/a>\r\n      <\/div>\n    <\/div>\n  <\/div>    <\/div>\n    <div class=\"pagination\">\n      <div class=\"paginate\">\n    <span aria-label=\"Seite 1\" aria-current=\"page\" class=\"page-numbers current\">1<\/span>\n<a aria-label=\"Seite 2\" class=\"page-numbers\" href=\"https:\/\/www.dojo-ronin.de\/wordpress\/wp-json\/wp\/v2\/pages\/3205\/page\/2\/\">2<\/a>\n<a aria-label=\"Seite 3\" class=\"page-numbers\" href=\"https:\/\/www.dojo-ronin.de\/wordpress\/wp-json\/wp\/v2\/pages\/3205\/page\/3\/\">3<\/a>\n<span class=\"page-numbers dots\">&hellip;<\/span>\n<a aria-label=\"Seite 19\" class=\"page-numbers\" href=\"https:\/\/www.dojo-ronin.de\/wordpress\/wp-json\/wp\/v2\/pages\/3205\/page\/19\/\">19<\/a>\n<a class=\"next page-numbers\" href=\"https:\/\/www.dojo-ronin.de\/wordpress\/wp-json\/wp\/v2\/pages\/3205\/page\/2\/\">Next \u00bb<\/a>  <\/div>\n  <style type=\"text\/css\">\n    #post-grid-3201 .pagination .page-numbers {\n      font-size: 17px;\n      color: #646464;\n      background: #646464;\n    }\n\n    #post-grid-3201 .pagination .page-numbers:hover,\n    #post-grid-3201 .pagination .page-numbers.current {\n      background: #4b4b4b;\n    }\n  <\/style>\n  <\/div>\n      <script>\n          <\/script>\n    <style type=\"text\/css\">\n    #post-grid-3201 .element_0 {\n      display: block;font-size: 21px;line-height: normal;padding: 5px 10px;text-align: left;    }\n\n    #post-grid-3201 .element_1 {\n      display: block;font-size: 12px;padding: 5px 10px;text-align: left;    }\n\n    #post-grid-3201 .element_2 {\n      display: block;font-size: 12px;font-weight: bold;padding: 0 10px;text-align: left;    }\n\n    #post-grid-3201 .element_0:hover{}#post-grid-3201 .element_1:hover{}#post-grid-3201 .element_2:hover{}  <\/style>\n  <style type=\"text\/css\">\n    #post-grid-3201 {\n          }\n\n    #post-grid-3201 .item {\n          }\n\n    #post-grid-3201 .item .layer-media {\n      height:auto;    }\n\n    @media only screen and (min-width: 0px) and (max-width: 767px) {\n      #post-grid-3201 .grid-items {\n        display: grid;\n        grid-template-columns: 1fr ;\n        column-gap: 10px;\n        row-gap: 10px;\n              }\n\n      #post-grid-3201 .item {\n        height:auto;      }\n    }\n\n    @media only screen and (min-width: 768px) and (max-width: 1023px) {\n      #post-grid-3201 .grid-items {\n        display: grid;\n        grid-template-columns: 1fr 1fr ;\n        column-gap: 10px;\n        row-gap: 10px;\n              }\n\n      #post-grid-3201 .item {\n        max-height:auto;      }\n    }\n\n    @media only screen and (min-width: 1024px) {\n      #post-grid-3201 .grid-items {\n        display: grid;\n        grid-template-columns: 1fr 1fr 1fr ;\n        column-gap: 10px;\n        row-gap: 10px;\n              }\n\n      #post-grid-3201 .item {\n        height:auto;      }\n    }\n\n      <\/style>\n  <\/div>\n\n","protected":false},"excerpt":{"rendered":"","protected":false},"author":6,"featured_media":0,"parent":4627,"menu_order":0,"comment_status":"closed","ping_status":"closed","template":"templates\/template-full-notitle.php","meta":{"_price":"","_stock":"","_tribe_ticket_header":"","_tribe_default_ticket_provider":"","_tribe_ticket_capacity":"0","_ticket_start_date":"","_ticket_end_date":"","_tribe_ticket_show_description":"","_tribe_ticket_show_not_going":false,"_tribe_ticket_use_global_stock":"","_tribe_ticket_global_stock_level":"","_global_stock_mode":"","_global_stock_cap":"","_tribe_rsvp_for_event":"","_tribe_ticket_going_count":"","_tribe_ticket_not_going_count":"","_tribe_tickets_list":"[]","_tribe_ticket_has_attendee_info_fields":false,"footnotes":"","_tec_slr_enabled":"","_tec_slr_layout":""},"class_list":["post-3205","page","type-page","status-publish","hentry"],"ticketed":false,"_links":{"self":[{"href":"https:\/\/www.dojo-ronin.de\/wordpress\/wp-json\/wp\/v2\/pages\/3205","targetHints":{"allow":["GET"]}}],"collection":[{"href":"https:\/\/www.dojo-ronin.de\/wordpress\/wp-json\/wp\/v2\/pages"}],"about":[{"href":"https:\/\/www.dojo-ronin.de\/wordpress\/wp-json\/wp\/v2\/types\/page"}],"author":[{"embeddable":true,"href":"https:\/\/www.dojo-ronin.de\/wordpress\/wp-json\/wp\/v2\/users\/6"}],"replies":[{"embeddable":true,"href":"https:\/\/www.dojo-ronin.de\/wordpress\/wp-json\/wp\/v2\/comments?post=3205"}],"version-history":[{"count":4,"href":"https:\/\/www.dojo-ronin.de\/wordpress\/wp-json\/wp\/v2\/pages\/3205\/revisions"}],"predecessor-version":[{"id":3291,"href":"https:\/\/www.dojo-ronin.de\/wordpress\/wp-json\/wp\/v2\/pages\/3205\/revisions\/3291"}],"up":[{"embeddable":true,"href":"https:\/\/www.dojo-ronin.de\/wordpress\/wp-json\/wp\/v2\/pages\/4627"}],"wp:attachment":[{"href":"https:\/\/www.dojo-ronin.de\/wordpress\/wp-json\/wp\/v2\/media?parent=3205"}],"curies":[{"name":"wp","href":"https:\/\/api.w.org\/{rel}","templated":true}]}}